{"id":1065,"date":"2023-04-04T15:19:28","date_gmt":"2023-04-04T15:19:28","guid":{"rendered":"https:\/\/ifernandezdelacuesta.com\/sobre-isabel\/"},"modified":"2023-06-15T10:29:25","modified_gmt":"2023-06-15T10:29:25","slug":"sobre-isabel","status":"publish","type":"page","link":"https:\/\/ifernandezdelacuesta.com\/es\/sobre-isabel\/","title":{"rendered":"SOBRE ISABEL"},"content":{"rendered":"<p>[et_pb_section fb_built=\u00bb1&#8243; admin_label=\u00bbPage Title Section\u00bb _builder_version=\u00bb4.20.0&#8243; use_background_color_gradient=\u00bbon\u00bb background_color_gradient_stops=\u00bb#1b2340 0%|rgba(49,62,71,0.5) 100%\u00bb background_color_gradient_overlays_image=\u00bbon\u00bb background_color_gradient_start=\u00bb#313e47&#8243; background_color_gradient_end=\u00bbrgba(49,62,71,0.5)\u00bb background_image=\u00bbhttps:\/\/ifernandezdelacuesta.com\/wp-content\/uploads\/2023\/04\/about.jpg\u00bb parallax=\u00bbon\u00bb custom_padding=\u00bb120px||109px|||\u00bb global_colors_info=\u00bb{}\u00bb][et_pb_row admin_label=\u00bbT\u00edtulo de p\u00e1gina\u00bb _builder_version=\u00bb4.16&#8243; background_size=\u00bbinitial\u00bb background_position=\u00bbtop_left\u00bb background_repeat=\u00bbrepeat\u00bb global_colors_info=\u00bb{}\u00bb][et_pb_column type=\u00bb4_4&#8243; _builder_version=\u00bb4.16&#8243; custom_padding=\u00bb|||\u00bb global_colors_info=\u00bb{}\u00bb custom_padding__hover=\u00bb|||\u00bb][et_pb_text admin_label=\u00bbPage Title\u00bb _builder_version=\u00bb4.20.0&#8243; text_font=\u00bb||||||||\u00bb text_font_size=\u00bb18px\u00bb text_line_height=\u00bb2em\u00bb header_font=\u00bbPrata||||||||\u00bb header_font_size=\u00bb60px\u00bb header_line_height=\u00bb1.6em\u00bb header_2_font=\u00bb||||||||\u00bb text_orientation=\u00bbcenter\u00bb background_layout=\u00bbdark\u00bb max_width=\u00bb700px\u00bb module_alignment=\u00bbcenter\u00bb custom_margin=\u00bb|||\u00bb animation_style=\u00bbfade\u00bb header_font_size_tablet=\u00bb40px\u00bb header_font_size_phone=\u00bb\u00bb header_font_size_last_edited=\u00bbon|tablet\u00bb global_colors_info=\u00bb{}\u00bb]<\/p>\n<h1>Acerca de Isabel<\/h1>\n<p>[\/et_pb_text][\/et_pb_column][\/et_pb_row][\/et_pb_section][et_pb_section fb_built=\u00bb1&#8243; _builder_version=\u00bb4.20.0&#8243; _module_preset=\u00bbdefault\u00bb background_color=\u00bbrgba(238,233,229,0.42)\u00bb global_colors_info=\u00bb{}\u00bb][et_pb_row _builder_version=\u00bb4.20.0&#8243; _module_preset=\u00bbdefault\u00bb global_colors_info=\u00bb{}\u00bb][et_pb_column type=\u00bb4_4&#8243; _builder_version=\u00bb4.20.0&#8243; _module_preset=\u00bbdefault\u00bb global_colors_info=\u00bb{}\u00bb][et_pb_text admin_label=\u00bbAuthor Name\u00bb _builder_version=\u00bb4.20.0&#8243; text_font=\u00bbLato|600||on|||||\u00bb text_text_color=\u00bbgcid-94d28c4a-c67b-4714-8dac-73f72eb82749&#8243; text_letter_spacing=\u00bb4px\u00bb header_font=\u00bb||||||||\u00bb header_4_font=\u00bb||||||||\u00bb module_alignment=\u00bbcenter\u00bb custom_padding=\u00bb|||36px|false|false\u00bb animation_style=\u00bbslide\u00bb animation_direction=\u00bbbottom\u00bb animation_intensity_slide=\u00bb10%\u00bb animation_starting_opacity=\u00bb100%\u00bb locked=\u00bboff\u00bb global_colors_info=\u00bb{%22gcid-94d28c4a-c67b-4714-8dac-73f72eb82749%22:%91%22text_text_color%22%93}\u00bb]<\/p>\n<p>Basada en Nueva York, Isabel es una abogada y arbitro independiente con m\u00e1s de 20 a\u00f1os de experiencia en el arbitraje internacional.<\/p>\n<p>[\/et_pb_text][et_pb_text disabled_on=\u00bboff|off|on\u00bb _builder_version=\u00bb4.20.0&#8243; _module_preset=\u00bbdefault\u00bb text_font=\u00bbPrata||||||||\u00bb text_line_height=\u00bb1.9em\u00bb header_2_font=\u00bbPrata||||||||\u00bb header_2_text_color=\u00bbgcid-98214181-3f10-4e7c-b51e-a1f6f3f6ef0a\u00bb header_2_font_size=\u00bb18px\u00bb header_2_line_height=\u00bb1.7em\u00bb custom_margin=\u00bb|30px||34px|false|false\u00bb global_colors_info=\u00bb{%22gcid-98214181-3f10-4e7c-b51e-a1f6f3f6ef0a%22:%91%22header_2_text_color%22%93}\u00bb]<\/p>\n<h2>Despu\u00e9s de m\u00e1s de <strong>20 a\u00f1os de experiencia en una firma grande<\/strong>(y de haber sido socia en el grupo de arbitraje de King &amp; Spalding, que est\u00e1 reconocido en la banda 1 de Chambers), Isabel funda su propia firma en 2023 para actuar como <strong>\u00e1rbitro independiente y asesora de confianza<\/strong> en casos seleccionados. Isabel est\u00e1 basada en Nueva York y ofrece la experiencia que normalmente se encuentra en plataformas multinacionales, junto con la atenci\u00f3n personalizada y al detalle, la flexibilidad en las tarifas y la libertad de conflictos propias de una estructura m\u00e1s flexible.<\/h2>\n<p>[\/et_pb_text][et_pb_text disabled_on=\u00bbon|on|off\u00bb _builder_version=\u00bb4.20.0&#8243; _module_preset=\u00bbdefault\u00bb text_font=\u00bbPrata||||||||\u00bb text_font_size=\u00bb24px\u00bb text_letter_spacing=\u00bb1px\u00bb text_line_height=\u00bb1.8em\u00bb header_font=\u00bb||||||||\u00bb header_2_font=\u00bbPrata||||||||\u00bb header_2_text_color=\u00bb#595959&#8243; header_2_font_size=\u00bb20px\u00bb header_2_letter_spacing=\u00bb1px\u00bb header_2_line_height=\u00bb1.5em\u00bb header_3_font=\u00bbPrata||||||||\u00bb header_3_line_height=\u00bb1.1em\u00bb width=\u00bb2000%\u00bb max_width=\u00bb1000px\u00bb module_alignment=\u00bbcenter\u00bb custom_margin=\u00bb||48px|98px||\u00bb custom_padding=\u00bb|||30px\u00bb animation_style=\u00bbflip\u00bb animation_intensity_flip=\u00bb5%\u00bb animation_starting_opacity=\u00bb100%\u00bb border_color_all=\u00bb#313e47&#8243; border_width_left=\u00bb10px\u00bb border_color_left=\u00bbgcid-94d28c4a-c67b-4714-8dac-73f72eb82749&#8243; global_colors_info=\u00bb{%22gcid-94d28c4a-c67b-4714-8dac-73f72eb82749%22:%91%22border_color_left%22%93}\u00bb]<\/p>\n<h2>Despu\u00e9s de m\u00e1s de <strong>20 a\u00f1os de experiencia en una firma grande <\/strong>(y de haber sido socia en el grupo de arbitraje de King &amp; Spalding, que est\u00e1 reconocido en la banda 1 de Chambers), Isabel funda su propia firma en 2023 para actuar como <strong>\u00e1rbitro independiente y asesora de confianza<\/strong> en casos seleccionados. Isabel est\u00e1 basada en Nueva York y ofrece la experiencia que normalmente se encuentra en plataformas multinacionales, junto con la atenci\u00f3n personalizada y al detalle, la flexibilidad en las tarifas y la libertad de conflictos propias de una estructura m\u00e1s flexible.<\/h2>\n<p>[\/et_pb_text][et_pb_text _builder_version=\u00bb4.20.0&#8243; _module_preset=\u00bbdefault\u00bb text_font=\u00bbLato||||||||\u00bb text_text_color=\u00bb#595959&#8243; text_font_size=\u00bb18px\u00bb text_line_height=\u00bb1.8em\u00bb custom_margin=\u00bb14px|||||\u00bb global_colors_info=\u00bb{}\u00bb]<\/p>\n<p>Isabel se form\u00f3 como abogada en Francia y Espa\u00f1a, ha ejercido su carrera profesional en los Estados Unidos y ha trabajado en casos bajo los principales reglamentos y en las principales sedes del arbitraje internacional. Esos casos han involucrado proyectos en las Am\u00e9ricas, Europa continental, \u00c1frica, Asia y Oriente Medio.<\/p>\n<p>En su ejercicio de la profesi\u00f3n, Isabel aporta un amplio conocimiento del common law y del derecho civil, as\u00ed como del derecho internacional p\u00fablico, incluidos los tratados de inversi\u00f3n y la intersecci\u00f3n entre las disputas comerciales y de inversi\u00f3n.<\/p>\n<p>En lo que constituy\u00f3 uno de los momentos m\u00e1s destacados de su carrera, Isabel estuvo al frente de la representaci\u00f3n de Uni\u00f3n Fenosa Gas en una conocida disputa frente a Egipto\u2014disputa que abarc\u00f3 varios a\u00f1os y jurisdicciones y culmin\u00f3 en la desestimaci\u00f3n de las defensas y objeciones formuladas por Egipto para eludir su responsabilidad y en la emisi\u00f3n de un laudo de dos mil doscientos millones de d\u00f3lares a favor de Uni\u00f3n Fenosa Gas en 2018. A d\u00eda de hoy, ese laudo sigue siendo uno de los mayores en la historia del CIADI. <span style=\"color: #5b93af;\"> \u21d2<\/span> <strong><span style=\"color: #5b93af;\"><a href=\"https:\/\/globalarbitrationreview.com\/article\/egypt-liable-curtailing-gas-supplies\" target=\"_blank\" rel=\"noopener\" style=\"color: #5b93af;\">Haga click aqu\u00ed para un mayor detalle.<\/a><\/span><\/strong><\/p>\n<p>[\/et_pb_text][\/et_pb_column][\/et_pb_row][\/et_pb_section][et_pb_section fb_built=\u00bb1&#8243; admin_label=\u00bbWelcome Section\u00bb _builder_version=\u00bb4.20.0&#8243; background_enable_color=\u00bboff\u00bb custom_padding=\u00bb0px||0px||false|false\u00bb global_colors_info=\u00bb{%22gcid-9996f5ce-6783-4e16-984b-9c2ddf82b280%22:%91%22background_color%22%93}\u00bb][et_pb_row column_structure=\u00bb3_5,2_5&#8243; admin_label=\u00bbWelcome Area\u00bb _builder_version=\u00bb4.20.0&#8243; custom_padding=\u00bb0px||40px||false|false\u00bb global_colors_info=\u00bb{}\u00bb][et_pb_column type=\u00bb3_5&#8243; _builder_version=\u00bb4.16&#8243; custom_padding=\u00bb80px||80px|\u00bb global_colors_info=\u00bb{}\u00bb custom_padding__hover=\u00bb|||\u00bb][et_pb_text admin_label=\u00bbTitle\u00bb _builder_version=\u00bb4.20.0&#8243; text_font=\u00bb||||||||\u00bb text_font_size=\u00bb30px\u00bb header_font=\u00bb||||||||\u00bb header_font_size=\u00bb29px\u00bb header_2_font=\u00bbPrata||||||||\u00bb header_2_font_size=\u00bb48px\u00bb header_2_line_height=\u00bb1.5em\u00bb header_3_font=\u00bbPrata||||||||\u00bb header_3_text_color=\u00bbgcid-337eaea6-bb88-4bf1-b4f4-3d080067e876&#8243; header_3_font_size=\u00bb36px\u00bb header_3_letter_spacing=\u00bb1px\u00bb header_3_line_height=\u00bb1.5em\u00bb custom_margin=\u00bb60px||10px|||\u00bb custom_margin_tablet=\u00bb20px||||false|false\u00bb custom_margin_phone=\u00bb20px||10px||false|false\u00bb custom_margin_last_edited=\u00bbon|phone\u00bb animation_style=\u00bbfade\u00bb animation_direction=\u00bbtop\u00bb animation_starting_opacity=\u00bb100%\u00bb header_2_font_size_tablet=\u00bb40px\u00bb header_2_font_size_phone=\u00bb\u00bb header_2_font_size_last_edited=\u00bbon|tablet\u00bb global_colors_info=\u00bb{%22gcid-337eaea6-bb88-4bf1-b4f4-3d080067e876%22:%91%22header_3_text_color%22%93}\u00bb]<\/p>\n<h3><strong>Miembro de la lista de \u00e1rbitros del CIDR desde 2011<\/strong><\/h3>\n<p>[\/et_pb_text][et_pb_divider color=\u00bbgcid-337eaea6-bb88-4bf1-b4f4-3d080067e876&#8243; divider_position=\u00bbcenter\u00bb divider_weight=\u00bb3px\u00bb _builder_version=\u00bb4.20.0&#8243; max_width=\u00bb70px\u00bb animation_style=\u00bbslide\u00bb animation_direction=\u00bbright\u00bb animation_intensity_slide=\u00bb5%\u00bb animation_starting_opacity=\u00bb100%\u00bb global_colors_info=\u00bb{%22gcid-337eaea6-bb88-4bf1-b4f4-3d080067e876%22:%91%22color%22%93}\u00bb][\/et_pb_divider][et_pb_text _builder_version=\u00bb4.20.0&#8243; text_font=\u00bbLato||||||||\u00bb text_text_color=\u00bb#595959&#8243; text_font_size=\u00bb18px\u00bb text_line_height=\u00bb1.8em\u00bb max_width=\u00bb500px\u00bb custom_padding=\u00bb||0px|||\u00bb animation_direction=\u00bbleft\u00bb global_colors_info=\u00bb{}\u00bb]<\/p>\n<p>Al mismo tiempo que trabajaba como abogada, Isabel ha venido actuando como \u00e1rbitro desde hace a\u00f1os. Al mismo tiempo que trabajaba como abogada, Isabel ha venido actuando como \u00e1rbitro desde hace a\u00f1os. As\u00ed, por ejemplo, desde 2011 es miembro del listado de \u00e1rbitros de la AAA\/CIRD y ha actuado en tribunales que han resuelto disputas relativas a, por ejemplo, acuerdos exclusivos de venta y contratos de licencia. Isabel tiene experiencia como \u00e1rbitro tanto en casos ordinarios de arbitraje como en procesos acelerados.<\/p>\n<p>Para obtener m\u00e1s detalles sobre la experiencia y los principios que gu\u00edan la pr\u00e1ctica de Isabel como \u00e1rbitro <span style=\"color: #5b93af;\"><a href=\"https:\/\/ifernandezdelacuesta.com\/es\/arbitro\/\" target=\"_blank\" rel=\"noopener\" style=\"color: #5b93af;\"><b>haga click aqu\u00ed <\/b><\/a><\/span>y para un mayor detalle sobre su experiencia y pr\u00e1ctica como abogada <span style=\"color: #5b93af;\"><a href=\"https:\/\/ifernandezdelacuesta.com\/counsel\/\" target=\"_blank\" rel=\"noopener\" style=\"color: #5b93af;\"><strong>haga click aqu\u00ed.<\/strong><\/a><\/span><\/p>\n<p>[\/et_pb_text][\/et_pb_column][et_pb_column type=\u00bb2_5&#8243; _builder_version=\u00bb4.20.0&#8243; custom_padding=\u00bb|||\u00bb global_colors_info=\u00bb{}\u00bb custom_padding__hover=\u00bb|||\u00bb][et_pb_image src=\u00bbhttps:\/\/ifernandezdelacuesta.com\/wp-content\/uploads\/2023\/03\/Arbitration-services-scaled.jpg\u00bb alt=\u00bbServicios de \u00e1rbitro\u00bb title_text=\u00bbServicios de abogada\u00bb show_bottom_space=\u00bboff\u00bb align=\u00bbright\u00bb force_fullwidth=\u00bbon\u00bb align_tablet=\u00bbcenter\u00bb align_phone=\u00bbcenter\u00bb align_last_edited=\u00bbon|desktop\u00bb _builder_version=\u00bb4.20.0&#8243; custom_margin=\u00bb88px||||false|false\u00bb custom_margin_tablet=\u00bb0px||||false|false\u00bb custom_margin_phone=\u00bb-61px||||false|false\u00bb custom_margin_last_edited=\u00bbon|phone\u00bb animation_style=\u00bbslide\u00bb animation_direction=\u00bbright\u00bb animation_intensity_slide=\u00bb2%\u00bb border_width_all=\u00bb30px\u00bb border_color_all=\u00bb#ffffff\u00bb box_shadow_style=\u00bbpreset2&#8243; box_shadow_horizontal=\u00bb0px\u00bb box_shadow_vertical=\u00bb15px\u00bb box_shadow_blur=\u00bb60px\u00bb box_shadow_color=\u00bbrgba(29,61,71,0.2)\u00bb global_colors_info=\u00bb{}\u00bb][\/et_pb_image][\/et_pb_column][\/et_pb_row][et_pb_row column_structure=\u00bb1_3,2_3&#8243; disabled_on=\u00bbon|on|off\u00bb _builder_version=\u00bb4.20.0&#8243; _module_preset=\u00bbdefault\u00bb custom_margin=\u00bb|auto|1px|auto|false|false\u00bb custom_padding=\u00bb||0px|||\u00bb animation_style=\u00bbslide\u00bb animation_direction=\u00bbright\u00bb animation_intensity_slide=\u00bb2%\u00bb global_colors_info=\u00bb{}\u00bb][et_pb_column type=\u00bb1_3&#8243; _builder_version=\u00bb4.20.0&#8243; _module_preset=\u00bbdefault\u00bb transform_translate_linked=\u00bboff\u00bb custom_padding=\u00bb33px||||false|false\u00bb global_colors_info=\u00bb{}\u00bb][et_pb_image src=\u00bbhttps:\/\/ifernandezdelacuesta.com\/wp-content\/uploads\/2023\/04\/EsferaIFC_Azul-300&#215;300.png\u00bb title_text=\u00bbEsferaIFC_Azul\u00bb align=\u00bbcenter\u00bb _builder_version=\u00bb4.20.0&#8243; _module_preset=\u00bbdefault\u00bb transform_scale=\u00bb80%|80%\u00bb transform_translate=\u00bb-4px|-53px\u00bb global_colors_info=\u00bb{}\u00bb][\/et_pb_image][\/et_pb_column][et_pb_column type=\u00bb2_3&#8243; _builder_version=\u00bb4.20.0&#8243; _module_preset=\u00bbdefault\u00bb global_colors_info=\u00bb{}\u00bb][et_pb_text _builder_version=\u00bb4.20.0&#8243; text_font=\u00bbPrata||||||||\u00bb text_text_color=\u00bbgcid-98214181-3f10-4e7c-b51e-a1f6f3f6ef0a\u00bb text_font_size=\u00bb20px\u00bb text_letter_spacing=\u00bb1px\u00bb text_line_height=\u00bb1.5em\u00bb header_font=\u00bb||||||||\u00bb max_width=\u00bb700px\u00bb module_alignment=\u00bbcenter\u00bb custom_margin=\u00bb|||-14px|false|false\u00bb custom_padding=\u00bb|||101px|false|false\u00bb animation_style=\u00bbflip\u00bb animation_intensity_flip=\u00bb5%\u00bb animation_starting_opacity=\u00bb100%\u00bb border_color_all=\u00bb#313e47&#8243; border_width_left=\u00bb2px\u00bb border_color_left=\u00bbgcid-ca06e2b9-5225-47ea-8b67-035b378189f3&#8243; locked=\u00bboff\u00bb global_colors_info=\u00bb{%22gcid-337eaea6-bb88-4bf1-b4f4-3d080067e876%22:%91%22border_color_left%22,%22border_color_left%22,%22border_color_left%22%93,%22gcid-ca06e2b9-5225-47ea-8b67-035b378189f3%22:%91%22border_color_left%22,%22border_color_left%22%93,%22gcid-98214181-3f10-4e7c-b51e-a1f6f3f6ef0a%22:%91%22text_text_color%22%93}\u00bb]<\/p>\n<p class=\"p1\"><span class=\"s1\">Adem\u00e1s, Isabel escribe y participa habitualmente en conferencias y mesas redondas en su \u00e1mbito profesional. <\/span><span class=\"s1\">En los \u00faltimos meses <strong>ha sido invitada repetidamente a impartir seminarios sobre sobre la transici\u00f3n energ\u00e9tica y el impacto de las sanciones comerciales en el arbitraje internacional<\/strong>, que son algunos de los temas en los que tiene particular experiencia.<\/span><\/p>\n<p class=\"p1\"><span class=\"s1\">Isabel es <strong>completamente biling\u00fce en ingl\u00e9s y espa\u00f1ol<\/strong>, y habla franc\u00e9s con fluidez. Tiene nacionalidad espa\u00f1ola y de Estados Unidos.<\/span><\/p>\n<p>[\/et_pb_text][\/et_pb_column][\/et_pb_row][et_pb_row disabled_on=\u00bboff|off|on\u00bb _builder_version=\u00bb4.20.0&#8243; _module_preset=\u00bbdefault\u00bb custom_margin=\u00bb|auto|1px|auto|false|false\u00bb custom_padding=\u00bb||0px|||\u00bb animation_style=\u00bbslide\u00bb animation_direction=\u00bbright\u00bb animation_intensity_slide=\u00bb2%\u00bb global_colors_info=\u00bb{}\u00bb][et_pb_column type=\u00bb4_4&#8243; _builder_version=\u00bb4.20.0&#8243; _module_preset=\u00bbdefault\u00bb transform_translate_linked=\u00bboff\u00bb custom_padding=\u00bb33px||||false|false\u00bb global_colors_info=\u00bb{}\u00bb][et_pb_image src=\u00bbhttps:\/\/ifernandezdelacuesta.com\/wp-content\/uploads\/2023\/04\/EsferaIFC_Azul-300&#215;300.png\u00bb title_text=\u00bbEsferaIFC_Azul\u00bb align=\u00bbcenter\u00bb _builder_version=\u00bb4.20.0&#8243; _module_preset=\u00bbdefault\u00bb transform_scale=\u00bb80%|80%\u00bb transform_translate=\u00bb-4px|-53px\u00bb global_colors_info=\u00bb{}\u00bb][\/et_pb_image][et_pb_text _builder_version=\u00bb4.20.0&#8243; text_font=\u00bbPrata||||||||\u00bb text_text_color=\u00bbgcid-98214181-3f10-4e7c-b51e-a1f6f3f6ef0a\u00bb text_font_size=\u00bb20px\u00bb text_letter_spacing=\u00bb1px\u00bb text_line_height=\u00bb1.5em\u00bb header_font=\u00bb||||||||\u00bb max_width=\u00bb700px\u00bb module_alignment=\u00bbcenter\u00bb custom_margin=\u00bb-47px|||-14px|false|false\u00bb custom_padding=\u00bb|||0px|false|false\u00bb animation_style=\u00bbflip\u00bb animation_intensity_flip=\u00bb5%\u00bb animation_starting_opacity=\u00bb100%\u00bb border_color_all=\u00bb#313e47&#8243; border_width_left=\u00bb0px\u00bb border_color_left=\u00bbgcid-ca06e2b9-5225-47ea-8b67-035b378189f3&#8243; locked=\u00bboff\u00bb global_colors_info=\u00bb{%22gcid-337eaea6-bb88-4bf1-b4f4-3d080067e876%22:%91%22border_color_left%22,%22border_color_left%22,%22border_color_left%22%93,%22gcid-ca06e2b9-5225-47ea-8b67-035b378189f3%22:%91%22border_color_left%22,%22border_color_left%22%93,%22gcid-98214181-3f10-4e7c-b51e-a1f6f3f6ef0a%22:%91%22text_text_color%22%93}\u00bb]<\/p>\n<p class=\"p1\"><span class=\"s1\">Adem\u00e1s, Isabel escribe y participa habitualmente en conferencias y mesas redondas en su \u00e1mbito profesional. <\/span><span class=\"s1\">En los \u00faltimos meses <strong>ha sido invitada repetidamente a impartir seminarios sobre sobre la transici\u00f3n energ\u00e9tica y el impacto de las sanciones comerciales en el arbitraje internacional<\/strong>, que son algunos de los temas en los que tiene particular experiencia.<\/span><\/p>\n<p class=\"p1\"><span class=\"s1\">Isabel es <strong>completamente biling\u00fce en ingl\u00e9s y espa\u00f1ol<\/strong>, y habla franc\u00e9s con fluidez. Tiene nacionalidad espa\u00f1ola y de Estados Unidos.<\/span><\/p>\n<p>[\/et_pb_text][\/et_pb_column][\/et_pb_row][et_pb_row _builder_version=\u00bb4.20.0&#8243; _module_preset=\u00bbdefault\u00bb custom_padding=\u00bb44px|||||\u00bb animation_style=\u00bbfade\u00bb animation_duration=\u00bb1050ms\u00bb global_colors_info=\u00bb{}\u00bb][et_pb_column type=\u00bb4_4&#8243; _builder_version=\u00bb4.20.0&#8243; _module_preset=\u00bbdefault\u00bb global_colors_info=\u00bb{}\u00bb][et_pb_text _builder_version=\u00bb4.20.0&#8243; _module_preset=\u00bbdefault\u00bb text_font=\u00bbLato||||||||\u00bb text_text_color=\u00bbgcid-98214181-3f10-4e7c-b51e-a1f6f3f6ef0a\u00bb text_font_size=\u00bb20px\u00bb text_letter_spacing=\u00bb1px\u00bb text_line_height=\u00bb1.5em\u00bb custom_margin=\u00bb||-2px|||\u00bb global_colors_info=\u00bb{%22gcid-98214181-3f10-4e7c-b51e-a1f6f3f6ef0a%22:%91%22text_text_color%22%93}\u00bb]<\/p>\n<p style=\"text-align: center;\">Conecta con Isabel en LinkedIn aqu\u00ed:<br \/>\u21d3<\/p>\n<p>[\/et_pb_text][et_pb_image src=\u00bbhttps:\/\/ifernandezdelacuesta.com\/wp-content\/uploads\/2023\/04\/LinkedIn-Logo-PNG-300&#215;169.png\u00bb title_text=\u00bbLinkedIn-Logo-PNG\u00bb url=\u00bbhttps:\/\/www.linkedin.com\/in\/isabelfernandezdelacuesta\/\u00bb url_new_window=\u00bbon\u00bb align=\u00bbcenter\u00bb _builder_version=\u00bb4.20.0&#8243; _module_preset=\u00bbdefault\u00bb custom_margin=\u00bb||0px||false|false\u00bb custom_padding=\u00bb0px||0px||false|false\u00bb global_colors_info=\u00bb{}\u00bb][\/et_pb_image][\/et_pb_column][\/et_pb_row][\/et_pb_section][et_pb_section fb_built=\u00bb1&#8243; admin_label=\u00bbCTA Section\u00bb _builder_version=\u00bb4.20.0&#8243; use_background_color_gradient=\u00bbon\u00bb background_color_gradient_stops=\u00bb#50213b 0%|rgba(80,33,59,0.44) 100%\u00bb background_color_gradient_overlays_image=\u00bbon\u00bb background_color_gradient_start=\u00bb#313e47&#8243; background_color_gradient_end=\u00bbrgba(49,62,71,0.74)\u00bb background_image=\u00bbhttps:\/\/ifernandezdelacuesta.com\/wp-content\/uploads\/2023\/03\/Shake-hands.jpg\u00bb custom_margin=\u00bb28px|||||\u00bb custom_padding=\u00bb150px|0px|120px||false|false\u00bb border_color_all=\u00bb#26333a\u00bb border_width_left=\u00bb0vw\u00bb locked=\u00bboff\u00bb global_colors_info=\u00bb{}\u00bb][et_pb_row column_structure=\u00bb1_2,1_2&#8243; use_custom_gutter=\u00bbon\u00bb gutter_width=\u00bb2&#8243; disabled_on=\u00bbon|on|off\u00bb admin_label=\u00bbCTA Area\u00bb _builder_version=\u00bb4.20.0&#8243; locked=\u00bboff\u00bb global_colors_info=\u00bb{}\u00bb][et_pb_column type=\u00bb1_2&#8243; _builder_version=\u00bb4.16&#8243; custom_padding=\u00bb|||\u00bb global_colors_info=\u00bb{}\u00bb custom_padding__hover=\u00bb|||\u00bb][et_pb_text admin_label=\u00bbTitle\u00bb _builder_version=\u00bb4.20.0&#8243; text_font=\u00bbPrata|700|||||||\u00bb header_font=\u00bb||||||||\u00bb header_2_font=\u00bbPrata||||||||\u00bb header_2_text_align=\u00bbright\u00bb header_2_font_size=\u00bb48px\u00bb header_2_line_height=\u00bb1.6em\u00bb background_layout=\u00bbdark\u00bb module_alignment=\u00bbcenter\u00bb custom_margin=\u00bb-5px|||0px|false|false\u00bb custom_padding=\u00bb0px|0px||0px|false|false\u00bb animation_style=\u00bbfade\u00bb header_2_font_size_tablet=\u00bb40px\u00bb header_2_font_size_phone=\u00bb\u00bb header_2_font_size_last_edited=\u00bbon|tablet\u00bb locked=\u00bboff\u00bb global_colors_info=\u00bb{}\u00bb]<\/p>\n<h2 style=\"text-align: right;\">Cont\u00e1ctanos<\/h2>\n<p>[\/et_pb_text][\/et_pb_column][et_pb_column type=\u00bb1_2&#8243; _builder_version=\u00bb4.16&#8243; custom_padding=\u00bb|||\u00bb global_colors_info=\u00bb{}\u00bb custom_padding__hover=\u00bb|||\u00bb][et_pb_button button_url=\u00bbhttps:\/\/ifernandezdelacuesta.com\/es\/contacto\/\u00bb button_text=\u00bbEstemos en contacto\u00bb button_alignment=\u00bbleft\u00bb _builder_version=\u00bb4.20.4&#8243; custom_button=\u00bbon\u00bb button_text_size=\u00bb14px\u00bb button_text_color=\u00bb#ffffff\u00bb button_bg_color=\u00bb#ad9e95&#8243; button_border_width=\u00bb2px\u00bb button_border_color=\u00bb#ad9e95&#8243; button_border_radius=\u00bb2px\u00bb button_letter_spacing=\u00bb4px\u00bb button_font=\u00bbLato|700||on|||||\u00bb button_icon=\u00bb&#x24;||divi||400&#8243; button_icon_color=\u00bb#FFFFFF\u00bb custom_margin=\u00bb10px|||60px|false|false\u00bb custom_padding=\u00bb10px||10px|\u00bb animation_style=\u00bbfade\u00bb animation_direction=\u00bbright\u00bb button_bg_color_hover=\u00bbrgba(0,0,0,0)\u00bb global_colors_info=\u00bb{%22gcid-94d28c4a-c67b-4714-8dac-73f72eb82749%22:%91%22button_bg_color__hover%22%93}\u00bb button_text_size__hover_enabled=\u00bboff\u00bb button_one_text_size__hover_enabled=\u00bboff\u00bb button_two_text_size__hover_enabled=\u00bboff\u00bb button_text_color__hover_enabled=\u00bboff\u00bb button_one_text_color__hover_enabled=\u00bboff\u00bb button_two_text_color__hover_enabled=\u00bboff\u00bb button_border_width__hover_enabled=\u00bboff\u00bb button_one_border_width__hover_enabled=\u00bboff\u00bb button_two_border_width__hover_enabled=\u00bboff\u00bb button_border_color__hover_enabled=\u00bboff\u00bb button_one_border_color__hover_enabled=\u00bboff\u00bb button_two_border_color__hover_enabled=\u00bboff\u00bb button_border_radius__hover_enabled=\u00bboff\u00bb button_one_border_radius__hover_enabled=\u00bboff\u00bb button_two_border_radius__hover_enabled=\u00bboff\u00bb button_letter_spacing__hover_enabled=\u00bboff\u00bb button_one_letter_spacing__hover_enabled=\u00bboff\u00bb button_two_letter_spacing__hover_enabled=\u00bboff\u00bb button_bg_color__hover_enabled=\u00bbon|hover\u00bb button_bg_color__hover=\u00bb#ad9e95&#8243; button_one_bg_color__hover_enabled=\u00bboff\u00bb button_two_bg_color__hover_enabled=\u00bboff\u00bb button_bg_enable_color__hover=\u00bbon\u00bb][\/et_pb_button][\/et_pb_column][\/et_pb_row][et_pb_row use_custom_gutter=\u00bbon\u00bb gutter_width=\u00bb2&#8243; disabled_on=\u00bboff|off|on\u00bb admin_label=\u00bbCTA Area\u00bb _builder_version=\u00bb4.20.0&#8243; locked=\u00bboff\u00bb global_colors_info=\u00bb{}\u00bb][et_pb_column type=\u00bb4_4&#8243; _builder_version=\u00bb4.16&#8243; custom_padding=\u00bb|||\u00bb global_colors_info=\u00bb{}\u00bb custom_padding__hover=\u00bb|||\u00bb][et_pb_text admin_label=\u00bbTitle\u00bb _builder_version=\u00bb4.20.0&#8243; text_font=\u00bbPrata|700|||||||\u00bb header_font=\u00bb||||||||\u00bb header_2_font=\u00bbPrata||||||||\u00bb header_2_text_align=\u00bbright\u00bb header_2_font_size=\u00bb48px\u00bb header_2_line_height=\u00bb1.6em\u00bb background_layout=\u00bbdark\u00bb module_alignment=\u00bbcenter\u00bb custom_margin=\u00bb-5px|||0px|false|false\u00bb custom_padding=\u00bb0px|0px||0px|false|false\u00bb animation_style=\u00bbfade\u00bb header_2_font_size_tablet=\u00bb40px\u00bb header_2_font_size_phone=\u00bb\u00bb header_2_font_size_last_edited=\u00bbon|tablet\u00bb locked=\u00bboff\u00bb global_colors_info=\u00bb{}\u00bb]<\/p>\n<h2 style=\"text-align: center;\">Contacta a Isabel<\/h2>\n<p>[\/et_pb_text][et_pb_button button_text=\u00bbEstemos en contacto\u00bb button_alignment=\u00bbcenter\u00bb _builder_version=\u00bb4.20.4&#8243; custom_button=\u00bbon\u00bb button_text_size=\u00bb14px\u00bb button_text_color=\u00bb#ffffff\u00bb button_bg_color=\u00bb#ad9e95&#8243; button_border_width=\u00bb2px\u00bb button_border_color=\u00bb#ad9e95&#8243; button_border_radius=\u00bb2px\u00bb button_letter_spacing=\u00bb4px\u00bb button_font=\u00bbLato|700||on|||||\u00bb button_icon=\u00bb&#x24;||divi||400&#8243; button_icon_color=\u00bb#FFFFFF\u00bb custom_margin=\u00bb10px|60px||60px|false|true\u00bb custom_padding=\u00bb10px||10px|\u00bb animation_style=\u00bbfade\u00bb animation_direction=\u00bbright\u00bb hover_enabled=\u00bb0&#8243; button_bg_color_hover=\u00bbrgba(0,0,0,0)\u00bb global_colors_info=\u00bb{%22gcid-94d28c4a-c67b-4714-8dac-73f72eb82749%22:%91%22button_bg_color__hover%22%93}\u00bb button_text_size__hover_enabled=\u00bboff\u00bb button_one_text_size__hover_enabled=\u00bboff\u00bb button_two_text_size__hover_enabled=\u00bboff\u00bb button_text_color__hover_enabled=\u00bboff\u00bb button_one_text_color__hover_enabled=\u00bboff\u00bb button_two_text_color__hover_enabled=\u00bboff\u00bb button_border_width__hover_enabled=\u00bboff\u00bb button_one_border_width__hover_enabled=\u00bboff\u00bb button_two_border_width__hover_enabled=\u00bboff\u00bb button_border_color__hover_enabled=\u00bboff\u00bb button_one_border_color__hover_enabled=\u00bboff\u00bb button_two_border_color__hover_enabled=\u00bboff\u00bb button_border_radius__hover_enabled=\u00bboff\u00bb button_one_border_radius__hover_enabled=\u00bboff\u00bb button_two_border_radius__hover_enabled=\u00bboff\u00bb button_letter_spacing__hover_enabled=\u00bboff\u00bb button_one_letter_spacing__hover_enabled=\u00bboff\u00bb button_two_letter_spacing__hover_enabled=\u00bboff\u00bb button_bg_color__hover_enabled=\u00bbon|hover\u00bb button_bg_color__hover=\u00bb#ad9e95&#8243; button_one_bg_color__hover_enabled=\u00bboff\u00bb button_two_bg_color__hover_enabled=\u00bboff\u00bb button_bg_enable_color__hover=\u00bbon\u00bb button_url=\u00bbhttps:\/\/ifernandezdelacuesta.com\/es\/contacto\/\u00bb sticky_enabled=\u00bb0&#8243;][\/et_pb_button][\/et_pb_column][\/et_pb_row][\/et_pb_section]<\/p>\n","protected":false},"excerpt":{"rendered":"<p>Acerca de IsabelBasada en Nueva York, Isabel es una abogada y arbitro independiente con m\u00e1s de 20 a\u00f1os de experiencia en el arbitraje internacional.Despu\u00e9s de m\u00e1s de 20 a\u00f1os de experiencia en una firma grande(y de haber sido socia en el grupo de arbitraje de King &amp; Spalding, que est\u00e1 reconocido en la banda 1 [&hellip;]<\/p>\n","protected":false},"author":1,"featured_media":0,"parent":0,"menu_order":0,"comment_status":"closed","ping_status":"closed","template":"","meta":{"_et_pb_use_builder":"on","_et_pb_old_content":"","_et_gb_content_width":""},"yoast_head":"<!-- This site is optimized with the Yoast SEO plugin v20.11 - https:\/\/yoast.com\/wordpress\/plugins\/seo\/ -->\n<title>SOBRE ISABEL - Isabel Fern&aacute;ndez de la Cuesta<\/title>\n<meta name=\"robots\" content=\"index, follow, max-snippet:-1, max-image-preview:large, max-video-preview:-1\" \/>\n<link rel=\"canonical\" href=\"https:\/\/ifernandezdelacuesta.com\/es\/sobre-isabel\/\" \/>\n<meta property=\"og:locale\" content=\"es_ES\" \/>\n<meta property=\"og:type\" content=\"article\" \/>\n<meta property=\"og:title\" content=\"SOBRE ISABEL - Isabel Fern&aacute;ndez de la Cuesta\" \/>\n<meta property=\"og:description\" content=\"Acerca de IsabelBasada en Nueva York, Isabel es una abogada y arbitro independiente con m\u00e1s de 20 a\u00f1os de experiencia en el arbitraje internacional.Despu\u00e9s de m\u00e1s de 20 a\u00f1os de experiencia en una firma grande(y de haber sido socia en el grupo de arbitraje de King &amp; Spalding, que est\u00e1 reconocido en la banda 1 [&hellip;]\" \/>\n<meta property=\"og:url\" content=\"https:\/\/ifernandezdelacuesta.com\/es\/sobre-isabel\/\" \/>\n<meta property=\"og:site_name\" content=\"Isabel Fern&aacute;ndez de la Cuesta\" \/>\n<meta property=\"article:modified_time\" content=\"2023-06-15T10:29:25+00:00\" \/>\n<meta property=\"og:image\" content=\"https:\/\/ifernandezdelacuesta.com\/wp-content\/uploads\/2023\/04\/EsferaIFC_burdeos.png\" \/>\n\t<meta property=\"og:image:width\" content=\"1134\" \/>\n\t<meta property=\"og:image:height\" content=\"1134\" \/>\n\t<meta property=\"og:image:type\" content=\"image\/png\" \/>\n<meta name=\"twitter:card\" content=\"summary_large_image\" \/>\n<meta name=\"twitter:label1\" content=\"Tiempo de lectura\" \/>\n\t<meta name=\"twitter:data1\" content=\"16 minutos\" \/>\n<script type=\"application\/ld+json\" class=\"yoast-schema-graph\">{\"@context\":\"https:\/\/schema.org\",\"@graph\":[{\"@type\":\"WebPage\",\"@id\":\"https:\/\/ifernandezdelacuesta.com\/es\/sobre-isabel\/\",\"url\":\"https:\/\/ifernandezdelacuesta.com\/es\/sobre-isabel\/\",\"name\":\"SOBRE ISABEL - Isabel Fern&aacute;ndez de la Cuesta\",\"isPartOf\":{\"@id\":\"https:\/\/ifernandezdelacuesta.com\/es\/#website\"},\"datePublished\":\"2023-04-04T15:19:28+00:00\",\"dateModified\":\"2023-06-15T10:29:25+00:00\",\"breadcrumb\":{\"@id\":\"https:\/\/ifernandezdelacuesta.com\/es\/sobre-isabel\/#breadcrumb\"},\"inLanguage\":\"es\",\"potentialAction\":[{\"@type\":\"ReadAction\",\"target\":[\"https:\/\/ifernandezdelacuesta.com\/es\/sobre-isabel\/\"]}]},{\"@type\":\"BreadcrumbList\",\"@id\":\"https:\/\/ifernandezdelacuesta.com\/es\/sobre-isabel\/#breadcrumb\",\"itemListElement\":[{\"@type\":\"ListItem\",\"position\":1,\"name\":\"Portada\",\"item\":\"https:\/\/ifernandezdelacuesta.com\/es\/\"},{\"@type\":\"ListItem\",\"position\":2,\"name\":\"SOBRE ISABEL\"}]},{\"@type\":\"WebSite\",\"@id\":\"https:\/\/ifernandezdelacuesta.com\/es\/#website\",\"url\":\"https:\/\/ifernandezdelacuesta.com\/es\/\",\"name\":\"Isabel Fern&aacute;ndez de la Cuesta\",\"description\":\"Arbitration\",\"alternateName\":\"Arbitrator in New York\",\"potentialAction\":[{\"@type\":\"SearchAction\",\"target\":{\"@type\":\"EntryPoint\",\"urlTemplate\":\"https:\/\/ifernandezdelacuesta.com\/es\/?s={search_term_string}\"},\"query-input\":\"required name=search_term_string\"}],\"inLanguage\":\"es\"}]}<\/script>\n<!-- \/ Yoast SEO plugin. -->","yoast_head_json":{"title":"SOBRE ISABEL - Isabel Fern&aacute;ndez de la Cuesta","robots":{"index":"index","follow":"follow","max-snippet":"max-snippet:-1","max-image-preview":"max-image-preview:large","max-video-preview":"max-video-preview:-1"},"canonical":"https:\/\/ifernandezdelacuesta.com\/es\/sobre-isabel\/","og_locale":"es_ES","og_type":"article","og_title":"SOBRE ISABEL - Isabel Fern&aacute;ndez de la Cuesta","og_description":"Acerca de IsabelBasada en Nueva York, Isabel es una abogada y arbitro independiente con m\u00e1s de 20 a\u00f1os de experiencia en el arbitraje internacional.Despu\u00e9s de m\u00e1s de 20 a\u00f1os de experiencia en una firma grande(y de haber sido socia en el grupo de arbitraje de King &amp; Spalding, que est\u00e1 reconocido en la banda 1 [&hellip;]","og_url":"https:\/\/ifernandezdelacuesta.com\/es\/sobre-isabel\/","og_site_name":"Isabel Fern&aacute;ndez de la Cuesta","article_modified_time":"2023-06-15T10:29:25+00:00","og_image":[{"width":1134,"height":1134,"url":"https:\/\/ifernandezdelacuesta.com\/wp-content\/uploads\/2023\/04\/EsferaIFC_burdeos.png","type":"image\/png"}],"twitter_card":"summary_large_image","twitter_misc":{"Tiempo de lectura":"16 minutos"},"schema":{"@context":"https:\/\/schema.org","@graph":[{"@type":"WebPage","@id":"https:\/\/ifernandezdelacuesta.com\/es\/sobre-isabel\/","url":"https:\/\/ifernandezdelacuesta.com\/es\/sobre-isabel\/","name":"SOBRE ISABEL - Isabel Fern&aacute;ndez de la Cuesta","isPartOf":{"@id":"https:\/\/ifernandezdelacuesta.com\/es\/#website"},"datePublished":"2023-04-04T15:19:28+00:00","dateModified":"2023-06-15T10:29:25+00:00","breadcrumb":{"@id":"https:\/\/ifernandezdelacuesta.com\/es\/sobre-isabel\/#breadcrumb"},"inLanguage":"es","potentialAction":[{"@type":"ReadAction","target":["https:\/\/ifernandezdelacuesta.com\/es\/sobre-isabel\/"]}]},{"@type":"BreadcrumbList","@id":"https:\/\/ifernandezdelacuesta.com\/es\/sobre-isabel\/#breadcrumb","itemListElement":[{"@type":"ListItem","position":1,"name":"Portada","item":"https:\/\/ifernandezdelacuesta.com\/es\/"},{"@type":"ListItem","position":2,"name":"SOBRE ISABEL"}]},{"@type":"WebSite","@id":"https:\/\/ifernandezdelacuesta.com\/es\/#website","url":"https:\/\/ifernandezdelacuesta.com\/es\/","name":"Isabel Fern&aacute;ndez de la Cuesta","description":"Arbitration","alternateName":"Arbitrator in New York","potentialAction":[{"@type":"SearchAction","target":{"@type":"EntryPoint","urlTemplate":"https:\/\/ifernandezdelacuesta.com\/es\/?s={search_term_string}"},"query-input":"required name=search_term_string"}],"inLanguage":"es"}]}},"_links":{"self":[{"href":"https:\/\/ifernandezdelacuesta.com\/es\/wp-json\/wp\/v2\/pages\/1065"}],"collection":[{"href":"https:\/\/ifernandezdelacuesta.com\/es\/wp-json\/wp\/v2\/pages"}],"about":[{"href":"https:\/\/ifernandezdelacuesta.com\/es\/wp-json\/wp\/v2\/types\/page"}],"author":[{"embeddable":true,"href":"https:\/\/ifernandezdelacuesta.com\/es\/wp-json\/wp\/v2\/users\/1"}],"replies":[{"embeddable":true,"href":"https:\/\/ifernandezdelacuesta.com\/es\/wp-json\/wp\/v2\/comments?post=1065"}],"version-history":[{"count":10,"href":"https:\/\/ifernandezdelacuesta.com\/es\/wp-json\/wp\/v2\/pages\/1065\/revisions"}],"predecessor-version":[{"id":1211,"href":"https:\/\/ifernandezdelacuesta.com\/es\/wp-json\/wp\/v2\/pages\/1065\/revisions\/1211"}],"wp:attachment":[{"href":"https:\/\/ifernandezdelacuesta.com\/es\/wp-json\/wp\/v2\/media?parent=1065"}],"curies":[{"name":"wp","href":"https:\/\/api.w.org\/{rel}","templated":true}]}}