{"id":1083,"date":"2023-04-05T07:39:23","date_gmt":"2023-04-05T07:39:23","guid":{"rendered":"https:\/\/ifernandezdelacuesta.com\/noticias\/"},"modified":"2023-06-15T10:36:36","modified_gmt":"2023-06-15T10:36:36","slug":"noticias","status":"publish","type":"page","link":"https:\/\/ifernandezdelacuesta.com\/es\/noticias\/","title":{"rendered":"NOTICIAS"},"content":{"rendered":"<p>[et_pb_section fb_built=\u00bb1&#8243; admin_label=\u00bbPage Title Section\u00bb _builder_version=\u00bb4.20.0&#8243; use_background_color_gradient=\u00bbon\u00bb background_color_gradient_stops=\u00bb#1b2340 0%|rgba(49,62,71,0.5) 100%\u00bb background_color_gradient_overlays_image=\u00bbon\u00bb background_color_gradient_start=\u00bb#313e47&#8243; background_color_gradient_end=\u00bbrgba(49,62,71,0.5)\u00bb background_image=\u00bbhttps:\/\/ifernandezdelacuesta.com\/wp-content\/uploads\/2023\/03\/news.jpg\u00bb parallax=\u00bbon\u00bb custom_padding=\u00bb120px||120px|\u00bb global_colors_info=\u00bb{}\u00bb][et_pb_row admin_label=\u00bbPage Title Area\u00bb _builder_version=\u00bb4.16&#8243; background_size=\u00bbinitial\u00bb background_position=\u00bbtop_left\u00bb background_repeat=\u00bbrepeat\u00bb global_colors_info=\u00bb{}\u00bb][et_pb_column type=\u00bb4_4&#8243; _builder_version=\u00bb4.16&#8243; custom_padding=\u00bb|||\u00bb global_colors_info=\u00bb{}\u00bb custom_padding__hover=\u00bb|||\u00bb][et_pb_text admin_label=\u00bbPage Title\u00bb _builder_version=\u00bb4.20.0&#8243; text_font=\u00bb||||||||\u00bb text_font_size=\u00bb18px\u00bb text_line_height=\u00bb2em\u00bb header_font=\u00bbPrata||||||||\u00bb header_font_size=\u00bb60px\u00bb header_line_height=\u00bb1.6em\u00bb header_2_font=\u00bb||||||||\u00bb text_orientation=\u00bbcenter\u00bb background_layout=\u00bbdark\u00bb max_width=\u00bb700px\u00bb module_alignment=\u00bbcenter\u00bb custom_margin=\u00bb|||\u00bb animation_style=\u00bbfade\u00bb header_font_size_tablet=\u00bb40px\u00bb header_font_size_phone=\u00bb\u00bb header_font_size_last_edited=\u00bbon|tablet\u00bb global_colors_info=\u00bb{}\u00bb]<\/p>\n<h1>Noticias<\/h1>\n<p>[\/et_pb_text][\/et_pb_column][\/et_pb_row][\/et_pb_section][et_pb_section fb_built=\u00bb1&#8243; _builder_version=\u00bb4.20.0&#8243; _module_preset=\u00bbdefault\u00bb global_colors_info=\u00bb{}\u00bb][et_pb_row column_structure=\u00bb2_5,3_5&#8243; _builder_version=\u00bb4.20.0&#8243; _module_preset=\u00bbdefault\u00bb global_colors_info=\u00bb{}\u00bb][et_pb_column type=\u00bb2_5&#8243; _builder_version=\u00bb4.20.0&#8243; _module_preset=\u00bbdefault\u00bb global_colors_info=\u00bb{}\u00bb][et_pb_text admin_label=\u00bbTitle\u00bb _builder_version=\u00bb4.20.0&#8243; text_font=\u00bb||||||||\u00bb header_font=\u00bb||||||||\u00bb header_2_font=\u00bbPrata||||||||\u00bb header_2_text_align=\u00bbcenter\u00bb header_2_text_color=\u00bbgcid-ca06e2b9-5225-47ea-8b67-035b378189f3&#8243; header_2_font_size=\u00bb38px\u00bb header_2_line_height=\u00bb1.6em\u00bb custom_margin=\u00bb47px||10px|||\u00bb custom_padding=\u00bb|||0px||\u00bb animation_direction=\u00bbleft\u00bb header_2_font_size_tablet=\u00bb40px\u00bb header_2_font_size_phone=\u00bb40px\u00bb header_2_font_size_last_edited=\u00bbon|tablet\u00bb locked=\u00bboff\u00bb global_colors_info=\u00bb{%22gcid-ca06e2b9-5225-47ea-8b67-035b378189f3%22:%91%22header_2_text_color%22%93}\u00bb]<\/p>\n<h2 style=\"text-align: left;\">Isabel Fern\u00e1ndez de la Cuesta abre su propia firma en Nueva York<\/h2>\n<p>[\/et_pb_text][et_pb_divider color=\u00bb#ad9e95&#8243; divider_position=\u00bbcenter\u00bb divider_weight=\u00bb3px\u00bb _builder_version=\u00bb4.20.0&#8243; max_width=\u00bb70px\u00bb animation_style=\u00bbslide\u00bb animation_direction=\u00bbright\u00bb animation_intensity_slide=\u00bb5%\u00bb animation_starting_opacity=\u00bb100%\u00bb locked=\u00bboff\u00bb global_colors_info=\u00bb{}\u00bb][\/et_pb_divider][et_pb_text _builder_version=\u00bb4.20.0&#8243; text_font=\u00bbLato||||||||\u00bb text_font_size=\u00bb18px\u00bb text_line_height=\u00bb1.8em\u00bb animation_style=\u00bbfade\u00bb animation_direction=\u00bbleft\u00bb link_option_url_new_window=\u00bbon\u00bb locked=\u00bboff\u00bb global_colors_info=\u00bb{}\u00bb]<\/p>\n<p>Link al art\u00edculo<\/p>\n<p class=\"p1\"><a href=\"https:\/\/ciarglobal.com\/isabel-fernandez-de-la-cuesta-abre-su-propia-firma-en-nueva-york\/\" target=\"_blank\" rel=\"noopener\">ciarglobal.com<\/a><\/p>\n<p>&nbsp;<\/p>\n<p>[\/et_pb_text][\/et_pb_column][et_pb_column type=\u00bb3_5&#8243; _builder_version=\u00bb4.20.0&#8243; _module_preset=\u00bbdefault\u00bb global_colors_info=\u00bb{}\u00bb][et_pb_image src=\u00bbhttps:\/\/ifernandezdelacuesta.com\/wp-content\/uploads\/2023\/04\/news_22.4.23_.jpg\u00bb title_text=\u00bbnews_22.4.23_\u00bb show_bottom_space=\u00bboff\u00bb force_fullwidth=\u00bbon\u00bb align_tablet=\u00bbcenter\u00bb align_phone=\u00bbcenter\u00bb align_last_edited=\u00bbon|desktop\u00bb _builder_version=\u00bb4.20.0&#8243; custom_margin=\u00bb-50px||50px||false|false\u00bb animation_style=\u00bbslide\u00bb animation_direction=\u00bbright\u00bb animation_intensity_slide=\u00bb2%\u00bb border_width_all=\u00bb30px\u00bb border_color_all=\u00bb#ffffff\u00bb box_shadow_style=\u00bbpreset2&#8243; box_shadow_horizontal=\u00bb0px\u00bb box_shadow_vertical=\u00bb15px\u00bb box_shadow_blur=\u00bb60px\u00bb box_shadow_color=\u00bbrgba(29,61,71,0.2)\u00bb locked=\u00bboff\u00bb global_colors_info=\u00bb{}\u00bb][\/et_pb_image][\/et_pb_column][\/et_pb_row][et_pb_row column_structure=\u00bb2_5,3_5&#8243; _builder_version=\u00bb4.20.0&#8243; _module_preset=\u00bbdefault\u00bb global_colors_info=\u00bb{}\u00bb][et_pb_column type=\u00bb2_5&#8243; _builder_version=\u00bb4.20.0&#8243; _module_preset=\u00bbdefault\u00bb global_colors_info=\u00bb{}\u00bb][et_pb_text admin_label=\u00bbTitle\u00bb _builder_version=\u00bb4.20.0&#8243; text_font=\u00bb||||||||\u00bb header_font=\u00bb||||||||\u00bb header_2_font=\u00bbPrata||||||||\u00bb header_2_text_align=\u00bbcenter\u00bb header_2_text_color=\u00bbgcid-ca06e2b9-5225-47ea-8b67-035b378189f3&#8243; header_2_font_size=\u00bb38px\u00bb header_2_line_height=\u00bb1.6em\u00bb custom_margin=\u00bb47px||10px|||\u00bb custom_padding=\u00bb|||0px||\u00bb animation_direction=\u00bbleft\u00bb header_2_font_size_tablet=\u00bb40px\u00bb header_2_font_size_phone=\u00bb40px\u00bb header_2_font_size_last_edited=\u00bbon|tablet\u00bb locked=\u00bboff\u00bb global_colors_info=\u00bb{%22gcid-ca06e2b9-5225-47ea-8b67-035b378189f3%22:%91%22header_2_text_color%22%93}\u00bb]<\/p>\n<h2 style=\"text-align: left;\">Un socio de King &amp; Spalding se lanza en solitario en Nueva York<\/h2>\n<p>[\/et_pb_text][et_pb_divider color=\u00bb#ad9e95&#8243; divider_position=\u00bbcenter\u00bb divider_weight=\u00bb3px\u00bb _builder_version=\u00bb4.20.0&#8243; max_width=\u00bb70px\u00bb animation_style=\u00bbslide\u00bb animation_direction=\u00bbright\u00bb animation_intensity_slide=\u00bb5%\u00bb animation_starting_opacity=\u00bb100%\u00bb locked=\u00bboff\u00bb global_colors_info=\u00bb{}\u00bb][\/et_pb_divider][et_pb_text _builder_version=\u00bb4.20.0&#8243; text_font=\u00bbLato||||||||\u00bb text_font_size=\u00bb18px\u00bb text_line_height=\u00bb1.8em\u00bb animation_style=\u00bbfade\u00bb animation_direction=\u00bbleft\u00bb link_option_url_new_window=\u00bbon\u00bb locked=\u00bboff\u00bb global_colors_info=\u00bb{}\u00bb]<\/p>\n<p><span>Isabel Fern\u00e1ndez de la Cuesta ha dejado de ser socia de King &amp; Spalding en Nueva York para ejercer de forma independiente como \u00e1rbitro y abogada.<\/span><\/p>\n<p>Link al art\u00edculo<br \/><span style=\"color: #5b93af;\"><a href=\"https:\/\/globalarbitrationreview.com\/article\/king-spalding-partner-goes-solo-in-new-york?utm_source=Unpacking%2BNaftogaz%25E2%2580%2599s%2Bmultibillion%2Bwin%2Bagainst%2BRussia&amp;utm_medium=email&amp;utm_campaign=GAR%2BAlerts\" style=\"color: #5b93af;\">globalarbitrationreview.com<\/a><\/span><\/p>\n<p>&nbsp;<\/p>\n<p>[\/et_pb_text][\/et_pb_column][et_pb_column type=\u00bb3_5&#8243; _builder_version=\u00bb4.20.0&#8243; _module_preset=\u00bbdefault\u00bb global_colors_info=\u00bb{}\u00bb][et_pb_image src=\u00bbhttps:\/\/ifernandezdelacuesta.com\/wp-content\/uploads\/2023\/04\/IFC_news.jpg\u00bb title_text=\u00bbIFC_news\u00bb show_bottom_space=\u00bboff\u00bb force_fullwidth=\u00bbon\u00bb align_tablet=\u00bbcenter\u00bb align_phone=\u00bbcenter\u00bb align_last_edited=\u00bbon|desktop\u00bb _builder_version=\u00bb4.20.0&#8243; custom_margin=\u00bb-50px||50px||false|false\u00bb animation_style=\u00bbslide\u00bb animation_direction=\u00bbright\u00bb animation_intensity_slide=\u00bb2%\u00bb border_width_all=\u00bb30px\u00bb border_color_all=\u00bb#ffffff\u00bb box_shadow_style=\u00bbpreset2&#8243; box_shadow_horizontal=\u00bb0px\u00bb box_shadow_vertical=\u00bb15px\u00bb box_shadow_blur=\u00bb60px\u00bb box_shadow_color=\u00bbrgba(29,61,71,0.2)\u00bb locked=\u00bboff\u00bb global_colors_info=\u00bb{}\u00bb][\/et_pb_image][\/et_pb_column][\/et_pb_row][et_pb_row column_structure=\u00bb2_5,3_5&#8243; _builder_version=\u00bb4.20.0&#8243; _module_preset=\u00bbdefault\u00bb global_colors_info=\u00bb{}\u00bb][et_pb_column type=\u00bb2_5&#8243; _builder_version=\u00bb4.20.0&#8243; _module_preset=\u00bbdefault\u00bb global_colors_info=\u00bb{}\u00bb][et_pb_text admin_label=\u00bbTitle\u00bb _builder_version=\u00bb4.20.0&#8243; text_font=\u00bb||||||||\u00bb header_font=\u00bb||||||||\u00bb header_2_font=\u00bbPrata||||||||\u00bb header_2_text_align=\u00bbcenter\u00bb header_2_text_color=\u00bbgcid-ca06e2b9-5225-47ea-8b67-035b378189f3&#8243; header_2_font_size=\u00bb38px\u00bb header_2_line_height=\u00bb1.6em\u00bb custom_margin=\u00bb||10px|\u00bb custom_padding=\u00bb|||0px||\u00bb animation_direction=\u00bbleft\u00bb header_2_font_size_tablet=\u00bb40px\u00bb header_2_font_size_phone=\u00bb40px\u00bb header_2_font_size_last_edited=\u00bbon|tablet\u00bb locked=\u00bboff\u00bb global_colors_info=\u00bb{%22gcid-ca06e2b9-5225-47ea-8b67-035b378189f3%22:%91%22header_2_text_color%22%93}\u00bb]<\/p>\n<h2 style=\"text-align: left;\">Isabel intervendr\u00e1 en la XVII Conferencia Internacional de la CEA<\/h2>\n<p>[\/et_pb_text][et_pb_divider color=\u00bb#ad9e95&#8243; divider_position=\u00bbcenter\u00bb divider_weight=\u00bb3px\u00bb _builder_version=\u00bb4.20.0&#8243; max_width=\u00bb70px\u00bb animation_style=\u00bbslide\u00bb animation_direction=\u00bbright\u00bb animation_intensity_slide=\u00bb5%\u00bb animation_starting_opacity=\u00bb100%\u00bb locked=\u00bboff\u00bb global_colors_info=\u00bb{}\u00bb][\/et_pb_divider][et_pb_text _builder_version=\u00bb4.20.0&#8243; text_font=\u00bbLato||||||||\u00bb text_font_size=\u00bb18px\u00bb text_line_height=\u00bb1.8em\u00bb animation_style=\u00bbfade\u00bb animation_direction=\u00bbleft\u00bb locked=\u00bboff\u00bb global_colors_info=\u00bb{}\u00bb]<\/p>\n<p>Congreso Internacional del CEA \u2013 Club Espa\u00f1ol del Arbitraje in Madrid, Spain, 19 y 20 de junio, 2023.<\/p>\n<p>Link al programa:<br \/><span style=\"text-decoration: underline; color: #5b93af;\"><a href=\"https:\/\/17congreso.clubarbitraje.com\/\" target=\"_blank\" rel=\"noopener\" style=\"color: #5b93af; text-decoration: underline;\">XVII Congreso Internacional del CEA (clubarbitraje.com)<\/a><\/span><\/p>\n<p>&nbsp;<\/p>\n<p>[\/et_pb_text][\/et_pb_column][et_pb_column type=\u00bb3_5&#8243; _builder_version=\u00bb4.20.0&#8243; _module_preset=\u00bbdefault\u00bb global_colors_info=\u00bb{}\u00bb][et_pb_image src=\u00bbhttps:\/\/ifernandezdelacuesta.com\/wp-content\/uploads\/2023\/04\/CIBELES-282&#215;300.jpg\u00bb title_text=\u00bbCIBELES\u00bb show_bottom_space=\u00bboff\u00bb force_fullwidth=\u00bbon\u00bb align_tablet=\u00bbcenter\u00bb align_phone=\u00bbcenter\u00bb align_last_edited=\u00bbon|desktop\u00bb _builder_version=\u00bb4.20.0&#8243; custom_margin=\u00bb-50px||82px||false|false\u00bb animation_style=\u00bbslide\u00bb animation_direction=\u00bbright\u00bb animation_intensity_slide=\u00bb2%\u00bb border_width_all=\u00bb30px\u00bb border_color_all=\u00bb#ffffff\u00bb box_shadow_style=\u00bbpreset2&#8243; box_shadow_horizontal=\u00bb0px\u00bb box_shadow_vertical=\u00bb15px\u00bb box_shadow_blur=\u00bb60px\u00bb box_shadow_color=\u00bbrgba(29,61,71,0.2)\u00bb locked=\u00bboff\u00bb global_colors_info=\u00bb{}\u00bb][\/et_pb_image][\/et_pb_column][\/et_pb_row][\/et_pb_section][et_pb_section fb_built=\u00bb1&#8243; admin_label=\u00bbCTA Section\u00bb _builder_version=\u00bb4.20.0&#8243; use_background_color_gradient=\u00bbon\u00bb background_color_gradient_stops=\u00bb#50213b 0%|rgba(80,33,59,0.44) 100%\u00bb background_color_gradient_overlays_image=\u00bbon\u00bb background_color_gradient_start=\u00bb#313e47&#8243; background_color_gradient_end=\u00bbrgba(49,62,71,0.74)\u00bb background_image=\u00bbhttps:\/\/ifernandezdelacuesta.com\/wp-content\/uploads\/2023\/03\/Shake-hands.jpg\u00bb custom_margin=\u00bb-1px|||||\u00bb custom_padding=\u00bb150px|0px|120px||false|false\u00bb border_color_all=\u00bb#26333a\u00bb border_width_left=\u00bb0vw\u00bb locked=\u00bboff\u00bb global_colors_info=\u00bb{}\u00bb][et_pb_row column_structure=\u00bb1_2,1_2&#8243; use_custom_gutter=\u00bbon\u00bb gutter_width=\u00bb2&#8243; disabled_on=\u00bbon|on|off\u00bb admin_label=\u00bbCTA Area\u00bb _builder_version=\u00bb4.20.0&#8243; locked=\u00bboff\u00bb global_colors_info=\u00bb{}\u00bb][et_pb_column type=\u00bb1_2&#8243; _builder_version=\u00bb4.16&#8243; custom_padding=\u00bb|||\u00bb global_colors_info=\u00bb{}\u00bb custom_padding__hover=\u00bb|||\u00bb][et_pb_text admin_label=\u00bbTitle\u00bb _builder_version=\u00bb4.20.0&#8243; text_font=\u00bbPrata|700|||||||\u00bb header_font=\u00bb||||||||\u00bb header_2_font=\u00bbPrata||||||||\u00bb header_2_text_align=\u00bbright\u00bb header_2_font_size=\u00bb48px\u00bb header_2_line_height=\u00bb1.6em\u00bb background_layout=\u00bbdark\u00bb module_alignment=\u00bbcenter\u00bb custom_margin=\u00bb-5px|||0px|false|false\u00bb custom_padding=\u00bb0px|0px||0px|false|false\u00bb animation_style=\u00bbfade\u00bb header_2_font_size_tablet=\u00bb40px\u00bb header_2_font_size_phone=\u00bb\u00bb header_2_font_size_last_edited=\u00bbon|tablet\u00bb locked=\u00bboff\u00bb global_colors_info=\u00bb{}\u00bb]<\/p>\n<h2 style=\"text-align: right;\">Cont\u00e1ctanos<\/h2>\n<p>[\/et_pb_text][\/et_pb_column][et_pb_column type=\u00bb1_2&#8243; _builder_version=\u00bb4.16&#8243; custom_padding=\u00bb|||\u00bb global_colors_info=\u00bb{}\u00bb custom_padding__hover=\u00bb|||\u00bb][et_pb_button button_url=\u00bbhttps:\/\/ifernandezdelacuesta.com\/es\/contacto\/\u00bb button_text=\u00bbEstemos en contacto\u00bb button_alignment=\u00bbleft\u00bb _builder_version=\u00bb4.20.4&#8243; custom_button=\u00bbon\u00bb button_text_size=\u00bb14px\u00bb button_text_color=\u00bb#ffffff\u00bb button_bg_color=\u00bb#ad9e95&#8243; button_border_width=\u00bb2px\u00bb button_border_color=\u00bb#ad9e95&#8243; button_border_radius=\u00bb2px\u00bb button_letter_spacing=\u00bb4px\u00bb button_font=\u00bbLato|700||on|||||\u00bb button_icon=\u00bb&#x24;||divi||400&#8243; button_icon_color=\u00bb#FFFFFF\u00bb custom_margin=\u00bb10px|||60px|false|false\u00bb custom_padding=\u00bb10px||10px|\u00bb animation_style=\u00bbfade\u00bb animation_direction=\u00bbright\u00bb button_bg_color_hover=\u00bbrgba(0,0,0,0)\u00bb global_colors_info=\u00bb{%22gcid-94d28c4a-c67b-4714-8dac-73f72eb82749%22:%91%22button_bg_color__hover%22%93}\u00bb button_text_size__hover_enabled=\u00bboff\u00bb button_one_text_size__hover_enabled=\u00bboff\u00bb button_two_text_size__hover_enabled=\u00bboff\u00bb button_text_color__hover_enabled=\u00bboff\u00bb button_one_text_color__hover_enabled=\u00bboff\u00bb button_two_text_color__hover_enabled=\u00bboff\u00bb button_border_width__hover_enabled=\u00bboff\u00bb button_one_border_width__hover_enabled=\u00bboff\u00bb button_two_border_width__hover_enabled=\u00bboff\u00bb button_border_color__hover_enabled=\u00bboff\u00bb button_one_border_color__hover_enabled=\u00bboff\u00bb button_two_border_color__hover_enabled=\u00bboff\u00bb button_border_radius__hover_enabled=\u00bboff\u00bb button_one_border_radius__hover_enabled=\u00bboff\u00bb button_two_border_radius__hover_enabled=\u00bboff\u00bb button_letter_spacing__hover_enabled=\u00bboff\u00bb button_one_letter_spacing__hover_enabled=\u00bboff\u00bb button_two_letter_spacing__hover_enabled=\u00bboff\u00bb button_bg_color__hover_enabled=\u00bbon|hover\u00bb button_bg_color__hover=\u00bb#ad9e95&#8243; button_one_bg_color__hover_enabled=\u00bboff\u00bb button_two_bg_color__hover_enabled=\u00bboff\u00bb button_bg_enable_color__hover=\u00bbon\u00bb][\/et_pb_button][\/et_pb_column][\/et_pb_row][et_pb_row use_custom_gutter=\u00bbon\u00bb gutter_width=\u00bb2&#8243; disabled_on=\u00bboff|off|on\u00bb admin_label=\u00bbCTA Area\u00bb _builder_version=\u00bb4.20.0&#8243; locked=\u00bboff\u00bb global_colors_info=\u00bb{}\u00bb][et_pb_column type=\u00bb4_4&#8243; _builder_version=\u00bb4.16&#8243; custom_padding=\u00bb|||\u00bb global_colors_info=\u00bb{}\u00bb custom_padding__hover=\u00bb|||\u00bb][et_pb_text admin_label=\u00bbTitle\u00bb _builder_version=\u00bb4.20.0&#8243; text_font=\u00bbPrata|700|||||||\u00bb header_font=\u00bb||||||||\u00bb header_2_font=\u00bbPrata||||||||\u00bb header_2_text_align=\u00bbright\u00bb header_2_font_size=\u00bb48px\u00bb header_2_line_height=\u00bb1.6em\u00bb background_layout=\u00bbdark\u00bb module_alignment=\u00bbcenter\u00bb custom_margin=\u00bb-5px|||0px|false|false\u00bb custom_padding=\u00bb0px|0px||0px|false|false\u00bb animation_style=\u00bbfade\u00bb header_2_font_size_tablet=\u00bb40px\u00bb header_2_font_size_phone=\u00bb\u00bb header_2_font_size_last_edited=\u00bbon|tablet\u00bb locked=\u00bboff\u00bb global_colors_info=\u00bb{}\u00bb]<\/p>\n<h2 style=\"text-align: center;\">Cont\u00e1ctanos<\/h2>\n<p>[\/et_pb_text][et_pb_button button_url=\u00bbhttps:\/\/ifernandezdelacuesta.com\/es\/contacto\/\u00bb button_text=\u00bbEstemos en contacto\u00bb button_alignment=\u00bbcenter\u00bb _builder_version=\u00bb4.20.4&#8243; custom_button=\u00bbon\u00bb button_text_size=\u00bb14px\u00bb button_text_color=\u00bb#ffffff\u00bb button_bg_color=\u00bb#ad9e95&#8243; button_border_width=\u00bb2px\u00bb button_border_color=\u00bb#ad9e95&#8243; button_border_radius=\u00bb2px\u00bb button_letter_spacing=\u00bb4px\u00bb button_font=\u00bbLato|700||on|||||\u00bb button_icon=\u00bb&#x24;||divi||400&#8243; button_icon_color=\u00bb#FFFFFF\u00bb custom_margin=\u00bb10px|60px||60px|false|true\u00bb custom_padding=\u00bb10px||10px|\u00bb animation_style=\u00bbfade\u00bb animation_direction=\u00bbright\u00bb hover_enabled=\u00bb0&#8243; button_bg_color_hover=\u00bbrgba(0,0,0,0)\u00bb global_colors_info=\u00bb{%22gcid-94d28c4a-c67b-4714-8dac-73f72eb82749%22:%91%22button_bg_color__hover%22%93}\u00bb button_text_size__hover_enabled=\u00bboff\u00bb button_one_text_size__hover_enabled=\u00bboff\u00bb button_two_text_size__hover_enabled=\u00bboff\u00bb button_text_color__hover_enabled=\u00bboff\u00bb button_one_text_color__hover_enabled=\u00bboff\u00bb button_two_text_color__hover_enabled=\u00bboff\u00bb button_border_width__hover_enabled=\u00bboff\u00bb button_one_border_width__hover_enabled=\u00bboff\u00bb button_two_border_width__hover_enabled=\u00bboff\u00bb button_border_color__hover_enabled=\u00bboff\u00bb button_one_border_color__hover_enabled=\u00bboff\u00bb button_two_border_color__hover_enabled=\u00bboff\u00bb button_border_radius__hover_enabled=\u00bboff\u00bb button_one_border_radius__hover_enabled=\u00bboff\u00bb button_two_border_radius__hover_enabled=\u00bboff\u00bb button_letter_spacing__hover_enabled=\u00bboff\u00bb button_one_letter_spacing__hover_enabled=\u00bboff\u00bb button_two_letter_spacing__hover_enabled=\u00bboff\u00bb button_bg_color__hover_enabled=\u00bbon|hover\u00bb button_bg_color__hover=\u00bb#ad9e95&#8243; button_one_bg_color__hover_enabled=\u00bboff\u00bb button_two_bg_color__hover_enabled=\u00bboff\u00bb button_bg_enable_color__hover=\u00bbon\u00bb sticky_enabled=\u00bb0&#8243;][\/et_pb_button][\/et_pb_column][\/et_pb_row][\/et_pb_section]<\/p>\n","protected":false},"excerpt":{"rendered":"<p>NoticiasIsabel Fern\u00e1ndez de la Cuesta abre su propia firma en Nueva YorkLink al art\u00edculo ciarglobal.com &nbsp;Un socio de King &amp; Spalding se lanza en solitario en Nueva YorkIsabel Fern\u00e1ndez de la Cuesta ha dejado de ser socia de King &amp; Spalding en Nueva York para ejercer de forma independiente como \u00e1rbitro y abogada. Link al [&hellip;]<\/p>\n","protected":false},"author":1,"featured_media":0,"parent":0,"menu_order":0,"comment_status":"closed","ping_status":"closed","template":"","meta":{"_et_pb_use_builder":"on","_et_pb_old_content":"","_et_gb_content_width":""},"yoast_head":"<!-- This site is optimized with the Yoast SEO plugin v20.11 - https:\/\/yoast.com\/wordpress\/plugins\/seo\/ -->\n<title>NOTICIAS - Isabel Fern&aacute;ndez de la Cuesta<\/title>\n<meta name=\"robots\" content=\"index, follow, max-snippet:-1, max-image-preview:large, max-video-preview:-1\" \/>\n<link rel=\"canonical\" href=\"https:\/\/ifernandezdelacuesta.com\/es\/noticias\/\" \/>\n<meta property=\"og:locale\" content=\"es_ES\" \/>\n<meta property=\"og:type\" content=\"article\" \/>\n<meta property=\"og:title\" content=\"NOTICIAS - Isabel Fern&aacute;ndez de la Cuesta\" \/>\n<meta property=\"og:description\" content=\"NoticiasIsabel Fern\u00e1ndez de la Cuesta abre su propia firma en Nueva YorkLink al art\u00edculo ciarglobal.com &nbsp;Un socio de King &amp; Spalding se lanza en solitario en Nueva YorkIsabel Fern\u00e1ndez de la Cuesta ha dejado de ser socia de King &amp; Spalding en Nueva York para ejercer de forma independiente como \u00e1rbitro y abogada. Link al [&hellip;]\" \/>\n<meta property=\"og:url\" content=\"https:\/\/ifernandezdelacuesta.com\/es\/noticias\/\" \/>\n<meta property=\"og:site_name\" content=\"Isabel Fern&aacute;ndez de la Cuesta\" \/>\n<meta property=\"article:modified_time\" content=\"2023-06-15T10:36:36+00:00\" \/>\n<meta property=\"og:image\" content=\"https:\/\/ifernandezdelacuesta.com\/wp-content\/uploads\/2023\/04\/EsferaIFC_burdeos.png\" \/>\n\t<meta property=\"og:image:width\" content=\"1134\" \/>\n\t<meta property=\"og:image:height\" content=\"1134\" \/>\n\t<meta property=\"og:image:type\" content=\"image\/png\" \/>\n<meta name=\"twitter:card\" content=\"summary_large_image\" \/>\n<meta name=\"twitter:label1\" content=\"Tiempo de lectura\" \/>\n\t<meta name=\"twitter:data1\" content=\"10 minutos\" \/>\n<script type=\"application\/ld+json\" class=\"yoast-schema-graph\">{\"@context\":\"https:\/\/schema.org\",\"@graph\":[{\"@type\":\"WebPage\",\"@id\":\"https:\/\/ifernandezdelacuesta.com\/es\/noticias\/\",\"url\":\"https:\/\/ifernandezdelacuesta.com\/es\/noticias\/\",\"name\":\"NOTICIAS - Isabel Fern&aacute;ndez de la Cuesta\",\"isPartOf\":{\"@id\":\"https:\/\/ifernandezdelacuesta.com\/es\/#website\"},\"datePublished\":\"2023-04-05T07:39:23+00:00\",\"dateModified\":\"2023-06-15T10:36:36+00:00\",\"breadcrumb\":{\"@id\":\"https:\/\/ifernandezdelacuesta.com\/es\/noticias\/#breadcrumb\"},\"inLanguage\":\"es\",\"potentialAction\":[{\"@type\":\"ReadAction\",\"target\":[\"https:\/\/ifernandezdelacuesta.com\/es\/noticias\/\"]}]},{\"@type\":\"BreadcrumbList\",\"@id\":\"https:\/\/ifernandezdelacuesta.com\/es\/noticias\/#breadcrumb\",\"itemListElement\":[{\"@type\":\"ListItem\",\"position\":1,\"name\":\"Portada\",\"item\":\"https:\/\/ifernandezdelacuesta.com\/es\/\"},{\"@type\":\"ListItem\",\"position\":2,\"name\":\"NOTICIAS\"}]},{\"@type\":\"WebSite\",\"@id\":\"https:\/\/ifernandezdelacuesta.com\/es\/#website\",\"url\":\"https:\/\/ifernandezdelacuesta.com\/es\/\",\"name\":\"Isabel Fern&aacute;ndez de la Cuesta\",\"description\":\"Arbitration\",\"alternateName\":\"Arbitrator in New York\",\"potentialAction\":[{\"@type\":\"SearchAction\",\"target\":{\"@type\":\"EntryPoint\",\"urlTemplate\":\"https:\/\/ifernandezdelacuesta.com\/es\/?s={search_term_string}\"},\"query-input\":\"required name=search_term_string\"}],\"inLanguage\":\"es\"}]}<\/script>\n<!-- \/ Yoast SEO plugin. -->","yoast_head_json":{"title":"NOTICIAS - Isabel Fern&aacute;ndez de la Cuesta","robots":{"index":"index","follow":"follow","max-snippet":"max-snippet:-1","max-image-preview":"max-image-preview:large","max-video-preview":"max-video-preview:-1"},"canonical":"https:\/\/ifernandezdelacuesta.com\/es\/noticias\/","og_locale":"es_ES","og_type":"article","og_title":"NOTICIAS - Isabel Fern&aacute;ndez de la Cuesta","og_description":"NoticiasIsabel Fern\u00e1ndez de la Cuesta abre su propia firma en Nueva YorkLink al art\u00edculo ciarglobal.com &nbsp;Un socio de King &amp; Spalding se lanza en solitario en Nueva YorkIsabel Fern\u00e1ndez de la Cuesta ha dejado de ser socia de King &amp; Spalding en Nueva York para ejercer de forma independiente como \u00e1rbitro y abogada. Link al [&hellip;]","og_url":"https:\/\/ifernandezdelacuesta.com\/es\/noticias\/","og_site_name":"Isabel Fern&aacute;ndez de la Cuesta","article_modified_time":"2023-06-15T10:36:36+00:00","og_image":[{"width":1134,"height":1134,"url":"https:\/\/ifernandezdelacuesta.com\/wp-content\/uploads\/2023\/04\/EsferaIFC_burdeos.png","type":"image\/png"}],"twitter_card":"summary_large_image","twitter_misc":{"Tiempo de lectura":"10 minutos"},"schema":{"@context":"https:\/\/schema.org","@graph":[{"@type":"WebPage","@id":"https:\/\/ifernandezdelacuesta.com\/es\/noticias\/","url":"https:\/\/ifernandezdelacuesta.com\/es\/noticias\/","name":"NOTICIAS - Isabel Fern&aacute;ndez de la Cuesta","isPartOf":{"@id":"https:\/\/ifernandezdelacuesta.com\/es\/#website"},"datePublished":"2023-04-05T07:39:23+00:00","dateModified":"2023-06-15T10:36:36+00:00","breadcrumb":{"@id":"https:\/\/ifernandezdelacuesta.com\/es\/noticias\/#breadcrumb"},"inLanguage":"es","potentialAction":[{"@type":"ReadAction","target":["https:\/\/ifernandezdelacuesta.com\/es\/noticias\/"]}]},{"@type":"BreadcrumbList","@id":"https:\/\/ifernandezdelacuesta.com\/es\/noticias\/#breadcrumb","itemListElement":[{"@type":"ListItem","position":1,"name":"Portada","item":"https:\/\/ifernandezdelacuesta.com\/es\/"},{"@type":"ListItem","position":2,"name":"NOTICIAS"}]},{"@type":"WebSite","@id":"https:\/\/ifernandezdelacuesta.com\/es\/#website","url":"https:\/\/ifernandezdelacuesta.com\/es\/","name":"Isabel Fern&aacute;ndez de la Cuesta","description":"Arbitration","alternateName":"Arbitrator in New York","potentialAction":[{"@type":"SearchAction","target":{"@type":"EntryPoint","urlTemplate":"https:\/\/ifernandezdelacuesta.com\/es\/?s={search_term_string}"},"query-input":"required name=search_term_string"}],"inLanguage":"es"}]}},"_links":{"self":[{"href":"https:\/\/ifernandezdelacuesta.com\/es\/wp-json\/wp\/v2\/pages\/1083"}],"collection":[{"href":"https:\/\/ifernandezdelacuesta.com\/es\/wp-json\/wp\/v2\/pages"}],"about":[{"href":"https:\/\/ifernandezdelacuesta.com\/es\/wp-json\/wp\/v2\/types\/page"}],"author":[{"embeddable":true,"href":"https:\/\/ifernandezdelacuesta.com\/es\/wp-json\/wp\/v2\/users\/1"}],"replies":[{"embeddable":true,"href":"https:\/\/ifernandezdelacuesta.com\/es\/wp-json\/wp\/v2\/comments?post=1083"}],"version-history":[{"count":9,"href":"https:\/\/ifernandezdelacuesta.com\/es\/wp-json\/wp\/v2\/pages\/1083\/revisions"}],"predecessor-version":[{"id":1219,"href":"https:\/\/ifernandezdelacuesta.com\/es\/wp-json\/wp\/v2\/pages\/1083\/revisions\/1219"}],"wp:attachment":[{"href":"https:\/\/ifernandezdelacuesta.com\/es\/wp-json\/wp\/v2\/media?parent=1083"}],"curies":[{"name":"wp","href":"https:\/\/api.w.org\/{rel}","templated":true}]}}